{"id":1136,"date":"2022-07-10T11:57:09","date_gmt":"2022-07-10T09:57:09","guid":{"rendered":"https:\/\/kultur-schloss-theuern.de\/?page_id=1136"},"modified":"2022-12-20T10:54:03","modified_gmt":"2022-12-20T09:54:03","slug":"freizeit-in-der-umgebung","status":"publish","type":"page","link":"https:\/\/kultur-schloss-theuern.de\/en\/freizeit-in-der-umgebung\/","title":{"rendered":"Vacation in the Area"},"content":{"rendered":"\t\t<div data-elementor-type=\"wp-page\" data-elementor-id=\"1136\" class=\"elementor elementor-1136\">\n\t\t\t\t\t\t<section class=\"elementor-section elementor-top-section elementor-element elementor-element-fae003e elementor-section-full_width elementor-section-height-default elementor-section-height-default parallax_section_no qode_elementor_container_no\" data-id=\"fae003e\" data-element_type=\"section\" data-e-type=\"section\">\n\t\t\t\t\t\t<div class=\"elementor-container elementor-column-gap-no\">\n\t\t\t\t\t<div class=\"elementor-column elementor-col-100 elementor-top-column elementor-element elementor-element-ed791ae\" data-id=\"ed791ae\" data-element_type=\"column\" data-e-type=\"column\">\n\t\t\t<div class=\"elementor-widget-wrap elementor-element-populated\">\n\t\t\t\t\t\t<div class=\"elementor-element elementor-element-0a4b483 elementor-widget elementor-widget-slider_revolution\" data-id=\"0a4b483\" data-element_type=\"widget\" data-e-type=\"widget\" data-widget_type=\"slider_revolution.default\">\n\t\t\t\t<div class=\"elementor-widget-container\">\n\t\t\t\t\t\n\t\t<div class=\"wp-block-themepunch-revslider\">\n\t\t\t<!-- START DasSchloss REVOLUTION SLIDER 6.7.40 --><p class=\"rs-p-wp-fix\"><\/p>\n\t\t\t<rs-module-wrap id=\"rev_slider_2_1_wrapper\" data-source=\"gallery\" style=\"visibility:hidden;background:#aca49a;padding:0;margin:0px auto;margin-top:0;margin-bottom:0;\">\n\t\t\t\t<rs-module id=\"rev_slider_2_1\" style=\"\" data-version=\"6.7.40\">\n\t\t\t\t\t<rs-slides style=\"overflow: hidden; position: absolute;\">\n\t\t\t\t\t\t<rs-slide style=\"position: absolute;\" data-key=\"rs-6\" data-title=\"Slide\" data-anim=\"adpr:false;\" data-in=\"o:0;\" data-out=\"a:false;\">\n\t\t\t\t\t\t\t<img fetchpriority=\"high\" decoding=\"async\" src=\"\/\/kultur-schloss-theuern.de\/wp-content\/plugins\/revslider\/sr6\/assets\/assets\/dummy.png\" alt=\"Toller Blick auf das Kultur-Schloss Theuern\" title=\"TMVphotoworks-4009\" width=\"1697\" height=\"957\" class=\"rev-slidebg tp-rs-img rs-lazyload\" data-lazyload=\"\/\/kultur-schloss-theuern.de\/wp-content\/uploads\/2025\/02\/TMVphotoworks-4009.jpg\" data-no-retina>\n<!---->\t\t\t\t\t<\/rs-slide>\n\t\t\t\t\t<\/rs-slides>\n\t\t\t\t<\/rs-module>\n\t\t\t\t<script>\n\t\t\t\t\tsetREVStartSize({c: 'rev_slider_2_1',rl:[1240,1024,778,480],el:[955,640,640,640],gw:[1300,1100,778,480],gh:[955,640,640,640],type:'standard',justify:'',layout:'fullwidth',mh:\"0\"});if (window.RS_MODULES!==undefined && window.RS_MODULES.modules!==undefined && window.RS_MODULES.modules[\"revslider21\"]!==undefined) {window.RS_MODULES.modules[\"revslider21\"].once = false;window.revapi2 = undefined;if (window.RS_MODULES.checkMinimal!==undefined) window.RS_MODULES.checkMinimal()}\n\t\t\t\t<\/script>\n\t\t\t<\/rs-module-wrap>\n\t\t\t<!-- END REVOLUTION SLIDER -->\n<\/div>\n\n\t\t\t\t\t\t<\/div>\n\t\t\t\t<\/div>\n\t\t\t\t\t<\/div>\n\t\t<\/div>\n\t\t\t\t\t<\/div>\n\t\t<\/section>\n\t\t\t\t<section class=\"elementor-section elementor-inner-section elementor-element elementor-element-621c06d8 elementor-section-boxed elementor-section-height-default elementor-section-height-default parallax_section_no qode_elementor_container_no\" data-id=\"621c06d8\" data-element_type=\"section\" data-e-type=\"section\">\n\t\t\t\t\t\t<div class=\"elementor-container elementor-column-gap-default\">\n\t\t\t\t\t<div class=\"elementor-column elementor-col-100 elementor-inner-column elementor-element elementor-element-ee5de73\" data-id=\"ee5de73\" data-element_type=\"column\" data-e-type=\"column\">\n\t\t\t<div class=\"elementor-widget-wrap elementor-element-populated\">\n\t\t\t\t\t\t<div class=\"elementor-element elementor-element-ceb1994 elementor-widget elementor-widget-text-editor\" data-id=\"ceb1994\" data-element_type=\"widget\" data-e-type=\"widget\" data-widget_type=\"text-editor.default\">\n\t\t\t\t<div class=\"elementor-widget-container\">\n\t\t\t\t\t\t\t\t\t<h5>FREIZEIT IN DER<\/h5><h2>UMGEBUNG<\/h2>\t\t\t\t\t\t\t\t<\/div>\n\t\t\t\t<\/div>\n\t\t\t\t\t<\/div>\n\t\t<\/div>\n\t\t\t\t\t<\/div>\n\t\t<\/section>\n\t\t\t\t<section class=\"elementor-section elementor-inner-section elementor-element elementor-element-b23a5ea elementor-section-boxed elementor-section-height-default elementor-section-height-default parallax_section_no qode_elementor_container_no\" data-id=\"b23a5ea\" data-element_type=\"section\" data-e-type=\"section\">\n\t\t\t\t\t\t<div class=\"elementor-container elementor-column-gap-default\">\n\t\t\t\t\t<div class=\"elementor-column elementor-col-50 elementor-inner-column elementor-element elementor-element-69e23df\" data-id=\"69e23df\" data-element_type=\"column\" data-e-type=\"column\">\n\t\t\t<div class=\"elementor-widget-wrap elementor-element-populated\">\n\t\t\t\t\t\t<div class=\"elementor-element elementor-element-7909b94 elementor-widget elementor-widget-text-editor\" data-id=\"7909b94\" data-element_type=\"widget\" data-e-type=\"widget\" data-widget_type=\"text-editor.default\">\n\t\t\t\t<div class=\"elementor-widget-container\">\n\t\t\t\t\t\t\t\t\t<h5>FREIZEIT IN DER UMGEBUNG<\/h5><p>Theuern eignet sich hervorragend als Ausgangspunkt f\u00fcr Ausfl\u00fcge in die Umgebung, egal ob zu Fu\u00df oder mit dem Rad.<\/p><p>Der <strong><a href=\"http:\/\/www.fuenf-fluesse-radweg.info\" target=\"_blank\" rel=\"noopener\">F\u00fcnf-Fl\u00fcsse-Radweg<\/a><\/strong> und die <a href=\"http:\/\/www.bayerische-eisenstrasse.de\" target=\"_blank\" rel=\"noopener\"><strong>Radtour Bayerische Eisenstra\u00dfe<\/strong><\/a> laufen gleich am Schloss vorbei. Ebenso der <a href=\"http:\/\/www.erzweg.de\" target=\"_blank\" rel=\"noopener\"><strong>Erzweg<\/strong><\/a>, der als Wandertour die Zentren der regionalen Montangeschichte verbindet. Zahlreiche weitere <a href=\"https:\/\/amberg-sulzbacher-land.de\/de\/weitere-touren.html\" target=\"_blank\" rel=\"noopener\"><strong>Rundwanderwege<\/strong><\/a> f\u00fchren z.B. zur Ebernburg nach Ebermannsdorf oder zur Ausflugsgastst\u00e4tte Waldhaus mit einem herrlichen Biergarten.<\/p><p>Unbedingt sehenswert ist die mittelalterliche Erzstadt <a href=\"http:\/\/www.tourismus.amberg.de\" target=\"_blank\" rel=\"noopener\"><strong>Amberg<\/strong><\/a>, die mit Fahrten auf der Vilspl\u00e4tte oder bei einer Stadtf\u00fchrung erkundet werden kann. Auch f\u00fcr <a href=\"https:\/\/amberg-sulzbacher-land.de\/de\/kanu.html\" target=\"_blank\" rel=\"noopener\"><strong>Kanuten und Flusskapit\u00e4ne<\/strong><\/a> ist Theuern \u00fcber die Vils leicht erreichbar.<\/p>\t\t\t\t\t\t\t\t<\/div>\n\t\t\t\t<\/div>\n\t\t\t\t\t<\/div>\n\t\t<\/div>\n\t\t\t\t<div class=\"elementor-column elementor-col-50 elementor-inner-column elementor-element elementor-element-91a2650\" data-id=\"91a2650\" data-element_type=\"column\" data-e-type=\"column\">\n\t\t\t<div class=\"elementor-widget-wrap elementor-element-populated\">\n\t\t\t\t\t\t<div class=\"elementor-element elementor-element-6dafb70 elementor-widget elementor-widget-image\" data-id=\"6dafb70\" data-element_type=\"widget\" data-e-type=\"widget\" data-widget_type=\"image.default\">\n\t\t\t\t<div class=\"elementor-widget-container\">\n\t\t\t\t\t\t\t\t\t\t\t\t\t\t\t<img decoding=\"async\" width=\"650\" height=\"433\" src=\"https:\/\/kultur-schloss-theuern.de\/wp-content\/uploads\/2022\/06\/Lkrs-AS-Theuern_StefanGruber-650.jpg\" class=\"attachment-large size-large wp-image-489\" alt=\"Schloss Theuern mit Fahrradfahrern\" srcset=\"https:\/\/kultur-schloss-theuern.de\/wp-content\/uploads\/2022\/06\/Lkrs-AS-Theuern_StefanGruber-650.jpg 650w, https:\/\/kultur-schloss-theuern.de\/wp-content\/uploads\/2022\/06\/Lkrs-AS-Theuern_StefanGruber-650-300x200.jpg 300w, https:\/\/kultur-schloss-theuern.de\/wp-content\/uploads\/2022\/06\/Lkrs-AS-Theuern_StefanGruber-650-600x400.jpg 600w\" sizes=\"(max-width: 650px) 100vw, 650px\" \/>\t\t\t\t\t\t\t\t\t\t\t\t\t\t\t<\/div>\n\t\t\t\t<\/div>\n\t\t\t\t\t<\/div>\n\t\t<\/div>\n\t\t\t\t\t<\/div>\n\t\t<\/section>\n\t\t\t\t<section class=\"elementor-section elementor-top-section elementor-element elementor-element-a1a3490 elementor-section-full_width volle_breite elementor-section-height-default elementor-section-height-default parallax_section_no qode_elementor_container_no\" data-id=\"a1a3490\" data-element_type=\"section\" data-e-type=\"section\">\n\t\t\t\t\t\t<div class=\"elementor-container elementor-column-gap-default\">\n\t\t\t\t\t<div class=\"elementor-column elementor-col-25 elementor-top-column elementor-element elementor-element-e127212\" data-id=\"e127212\" data-element_type=\"column\" data-e-type=\"column\">\n\t\t\t<div class=\"elementor-widget-wrap elementor-element-populated\">\n\t\t\t\t\t\t<div class=\"elementor-element elementor-element-1cadd08 elementor-widget elementor-widget-image\" data-id=\"1cadd08\" data-element_type=\"widget\" data-e-type=\"widget\" data-widget_type=\"image.default\">\n\t\t\t\t<div class=\"elementor-widget-container\">\n\t\t\t\t\t\t\t\t\t\t\t\t\t\t\t<img decoding=\"async\" width=\"400\" height=\"259\" src=\"https:\/\/kultur-schloss-theuern.de\/wp-content\/uploads\/2022\/06\/Lkrs-AS-Theuern_StefanGruber-14.jpg\" class=\"attachment-large size-large wp-image-468\" alt=\"\" srcset=\"https:\/\/kultur-schloss-theuern.de\/wp-content\/uploads\/2022\/06\/Lkrs-AS-Theuern_StefanGruber-14.jpg 400w, https:\/\/kultur-schloss-theuern.de\/wp-content\/uploads\/2022\/06\/Lkrs-AS-Theuern_StefanGruber-14-300x194.jpg 300w\" sizes=\"(max-width: 400px) 100vw, 400px\" \/>\t\t\t\t\t\t\t\t\t\t\t\t\t\t\t<\/div>\n\t\t\t\t<\/div>\n\t\t\t\t\t<\/div>\n\t\t<\/div>\n\t\t\t\t<div class=\"elementor-column elementor-col-25 elementor-top-column elementor-element elementor-element-0f3fc49\" data-id=\"0f3fc49\" data-element_type=\"column\" data-e-type=\"column\">\n\t\t\t<div class=\"elementor-widget-wrap elementor-element-populated\">\n\t\t\t\t\t\t<div class=\"elementor-element elementor-element-67365a4 elementor-widget elementor-widget-image\" data-id=\"67365a4\" data-element_type=\"widget\" data-e-type=\"widget\" data-widget_type=\"image.default\">\n\t\t\t\t<div class=\"elementor-widget-container\">\n\t\t\t\t\t\t\t\t\t\t\t\t\t\t\t<img loading=\"lazy\" decoding=\"async\" width=\"400\" height=\"267\" src=\"https:\/\/kultur-schloss-theuern.de\/wp-content\/uploads\/2022\/06\/Schlosshauptgebaeude-7_Steinbacher.jpg\" class=\"attachment-large size-large wp-image-472\" alt=\"\" srcset=\"https:\/\/kultur-schloss-theuern.de\/wp-content\/uploads\/2022\/06\/Schlosshauptgebaeude-7_Steinbacher.jpg 400w, https:\/\/kultur-schloss-theuern.de\/wp-content\/uploads\/2022\/06\/Schlosshauptgebaeude-7_Steinbacher-300x200.jpg 300w\" sizes=\"(max-width: 400px) 100vw, 400px\" \/>\t\t\t\t\t\t\t\t\t\t\t\t\t\t\t<\/div>\n\t\t\t\t<\/div>\n\t\t\t\t\t<\/div>\n\t\t<\/div>\n\t\t\t\t<div class=\"elementor-column elementor-col-25 elementor-top-column elementor-element elementor-element-7540b9a\" data-id=\"7540b9a\" data-element_type=\"column\" data-e-type=\"column\">\n\t\t\t<div class=\"elementor-widget-wrap elementor-element-populated\">\n\t\t\t\t\t\t<div class=\"elementor-element elementor-element-7163748 elementor-widget elementor-widget-image\" data-id=\"7163748\" data-element_type=\"widget\" data-e-type=\"widget\" data-widget_type=\"image.default\">\n\t\t\t\t<div class=\"elementor-widget-container\">\n\t\t\t\t\t\t\t\t\t\t\t\t\t\t\t<img loading=\"lazy\" decoding=\"async\" width=\"400\" height=\"275\" src=\"https:\/\/kultur-schloss-theuern.de\/wp-content\/uploads\/2022\/06\/Schloss-von-gegenueberIMG_8700-1.jpg\" class=\"attachment-large size-large wp-image-471\" alt=\"\" srcset=\"https:\/\/kultur-schloss-theuern.de\/wp-content\/uploads\/2022\/06\/Schloss-von-gegenueberIMG_8700-1.jpg 400w, https:\/\/kultur-schloss-theuern.de\/wp-content\/uploads\/2022\/06\/Schloss-von-gegenueberIMG_8700-1-300x206.jpg 300w\" sizes=\"(max-width: 400px) 100vw, 400px\" \/>\t\t\t\t\t\t\t\t\t\t\t\t\t\t\t<\/div>\n\t\t\t\t<\/div>\n\t\t\t\t\t<\/div>\n\t\t<\/div>\n\t\t\t\t<div class=\"elementor-column elementor-col-25 elementor-top-column elementor-element elementor-element-be90bd1\" data-id=\"be90bd1\" data-element_type=\"column\" data-e-type=\"column\">\n\t\t\t<div class=\"elementor-widget-wrap elementor-element-populated\">\n\t\t\t\t\t\t<div class=\"elementor-element elementor-element-2bbd85a elementor-widget elementor-widget-image\" data-id=\"2bbd85a\" data-element_type=\"widget\" data-e-type=\"widget\" data-widget_type=\"image.default\">\n\t\t\t\t<div class=\"elementor-widget-container\">\n\t\t\t\t\t\t\t\t\t\t\t\t\t\t\t<img loading=\"lazy\" decoding=\"async\" width=\"800\" height=\"600\" src=\"https:\/\/kultur-schloss-theuern.de\/wp-content\/uploads\/2022\/12\/DSC0117-800x600.jpg\" class=\"attachment-portfolio-landscape size-portfolio-landscape wp-image-2401\" alt=\"Blick auf das Schloss Theuern \u00fcber den Fluss Vils\" \/>\t\t\t\t\t\t\t\t\t\t\t\t\t\t\t<\/div>\n\t\t\t\t<\/div>\n\t\t\t\t\t<\/div>\n\t\t<\/div>\n\t\t\t\t\t<\/div>\n\t\t<\/section>\n\t\t\t\t<section class=\"elementor-section elementor-top-section elementor-element elementor-element-b1a2d1f bottom_spacer elementor-section-boxed elementor-section-height-default elementor-section-height-default parallax_section_no qode_elementor_container_no\" data-id=\"b1a2d1f\" data-element_type=\"section\" data-e-type=\"section\">\n\t\t\t\t\t\t<div class=\"elementor-container elementor-column-gap-default\">\n\t\t\t\t\t<div class=\"elementor-column elementor-col-100 elementor-top-column elementor-element elementor-element-9ddf010\" data-id=\"9ddf010\" data-element_type=\"column\" data-e-type=\"column\">\n\t\t\t<div class=\"elementor-widget-wrap\">\n\t\t\t\t\t\t\t<\/div>\n\t\t<\/div>\n\t\t\t\t\t<\/div>\n\t\t<\/section>\n\t\t\t\t<\/div>\n\t\t","protected":false},"excerpt":{"rendered":"<p>FREIZEIT IN DER UMGEBUNG FREIZEIT IN DER UMGEBUNG Theuern eignet sich hervorragend als Ausgangspunkt f\u00fcr Ausfl\u00fcge in die Umgebung, egal ob zu Fu\u00df oder mit dem Rad. Der F\u00fcnf-Fl\u00fcsse-Radweg und die Radtour Bayerische Eisenstra\u00dfe laufen gleich am Schloss vorbei. Ebenso der Erzweg, der als Wandertour&#8230;<\/p>","protected":false},"author":1,"featured_media":0,"parent":0,"menu_order":-5,"comment_status":"closed","ping_status":"closed","template":"","meta":{"footnotes":""},"class_list":["post-1136","page","type-page","status-publish","hentry"],"_links":{"self":[{"href":"https:\/\/kultur-schloss-theuern.de\/en\/wp-json\/wp\/v2\/pages\/1136","targetHints":{"allow":["GET"]}}],"collection":[{"href":"https:\/\/kultur-schloss-theuern.de\/en\/wp-json\/wp\/v2\/pages"}],"about":[{"href":"https:\/\/kultur-schloss-theuern.de\/en\/wp-json\/wp\/v2\/types\/page"}],"author":[{"embeddable":true,"href":"https:\/\/kultur-schloss-theuern.de\/en\/wp-json\/wp\/v2\/users\/1"}],"replies":[{"embeddable":true,"href":"https:\/\/kultur-schloss-theuern.de\/en\/wp-json\/wp\/v2\/comments?post=1136"}],"version-history":[{"count":31,"href":"https:\/\/kultur-schloss-theuern.de\/en\/wp-json\/wp\/v2\/pages\/1136\/revisions"}],"predecessor-version":[{"id":2407,"href":"https:\/\/kultur-schloss-theuern.de\/en\/wp-json\/wp\/v2\/pages\/1136\/revisions\/2407"}],"wp:attachment":[{"href":"https:\/\/kultur-schloss-theuern.de\/en\/wp-json\/wp\/v2\/media?parent=1136"}],"curies":[{"name":"wp","href":"https:\/\/api.w.org\/{rel}","templated":true}]}}